{"id":1991,"date":"2021-04-28T16:33:37","date_gmt":"2021-04-28T14:33:37","guid":{"rendered":"https:\/\/www.leti.com\/vivetupiel\/?post_type=dudas&#038;p=1991"},"modified":"2021-04-28T16:33:37","modified_gmt":"2021-04-28T14:33:37","slug":"que-provoca-acne","status":"publish","type":"dudas","link":"https:\/\/www.leti.com\/dermipedia\/dudas\/que-provoca-acne\/","title":{"rendered":"\u00bfQu\u00e9 es lo que provoca el acn\u00e9?"},"content":{"rendered":"\n<p>El <strong>acn\u00e9<\/strong> se produce a causa de la <strong>estimulaci\u00f3n<\/strong> de las <a href=\"https:\/\/www.leti.com\/dermipedia\/que-es\/glandulas-sebaceas\/\">gl\u00e1ndulas seb\u00e1ceas<\/a> por las hormonas androg\u00e9nicas. Por eso aparece fundamentalmente en los <strong>adolescentes<\/strong>, coincidiendo con el aumento fisiol\u00f3gico de las hormonas a esa edad.<\/p>\n\n\n\n<p>El <strong>est\u00edmulo androg\u00e9nico<\/strong> aumenta la producci\u00f3n de la <strong>grasa<\/strong> y la queratinizaci\u00f3n en el fol\u00edculo piloso, que lo obstruye y <strong>facilita<\/strong> la proliferaci\u00f3n de bacterias y la inflamaci\u00f3n. <\/p>\n\n\n\n<p>Por tanto, <strong>no es un problema<\/strong> de higiene ni se relaciona con la alimentaci\u00f3n.<\/p>\n","protected":false},"excerpt":{"rendered":"\u00bfTe gustar\u00eda saber c\u00f3mo se provoca el acn\u00e9? \n","protected":false},"featured_media":1992,"template":"","class_list":["post-1991","dudas","type-dudas","status-publish","has-post-thumbnail"],"acf":[],"yoast_head":"<!-- This site is optimized with the Yoast SEO plugin v26.1.1 - https:\/\/yoast.com\/wordpress\/plugins\/seo\/ -->\n<title>\u00bfQu\u00e9 es lo que provoca el acn\u00e9? - Dermipedia<\/title>\n<meta name=\"description\" content=\"\u00bfTe gustar\u00eda saber c\u00f3mo se provoca el acn\u00e9?\" \/>\n<meta name=\"robots\" content=\"index, follow, max-snippet:-1, max-image-preview:large, max-video-preview:-1\" \/>\n<link rel=\"canonical\" href=\"https:\/\/www.leti.com\/dermipedia\/dudas\/que-provoca-acne\/\" \/>\n<meta property=\"og:locale\" content=\"es_ES\" \/>\n<meta property=\"og:type\" content=\"article\" \/>\n<meta property=\"og:title\" content=\"\u00bfQu\u00e9 es lo que provoca el acn\u00e9? - Dermipedia\" \/>\n<meta property=\"og:description\" content=\"\u00bfTe gustar\u00eda saber c\u00f3mo se provoca el acn\u00e9?\" \/>\n<meta property=\"og:url\" content=\"https:\/\/www.leti.com\/dermipedia\/dudas\/que-provoca-acne\/\" \/>\n<meta property=\"og:site_name\" content=\"Dermipedia\" \/>\n<meta property=\"og:image\" content=\"https:\/\/www.leti.com\/dermipedia\/wp-content\/uploads\/2021\/04\/cheyenne-doig-dPs0DEGrM9A-unsplash-scaled.jpg\" \/>\n\t<meta property=\"og:image:width\" content=\"1024\" \/>\n\t<meta property=\"og:image:height\" content=\"1280\" \/>\n\t<meta property=\"og:image:type\" content=\"image\/jpeg\" \/>\n<meta name=\"twitter:card\" content=\"summary_large_image\" \/>\n<script type=\"application\/ld+json\" class=\"yoast-schema-graph\">{\"@context\":\"https:\/\/schema.org\",\"@graph\":[{\"@type\":\"WebPage\",\"@id\":\"https:\/\/www.leti.com\/dermipedia\/dudas\/que-provoca-acne\/\",\"url\":\"https:\/\/www.leti.com\/dermipedia\/dudas\/que-provoca-acne\/\",\"name\":\"\u00bfQu\u00e9 es lo que provoca el acn\u00e9? - Dermipedia\",\"isPartOf\":{\"@id\":\"https:\/\/www.leti.com\/dermipedia\/#website\"},\"primaryImageOfPage\":{\"@id\":\"https:\/\/www.leti.com\/dermipedia\/dudas\/que-provoca-acne\/#primaryimage\"},\"image\":{\"@id\":\"https:\/\/www.leti.com\/dermipedia\/dudas\/que-provoca-acne\/#primaryimage\"},\"thumbnailUrl\":\"https:\/\/www.leti.com\/dermipedia\/wp-content\/uploads\/2021\/04\/cheyenne-doig-dPs0DEGrM9A-unsplash-scaled.jpg\",\"datePublished\":\"2021-04-28T14:33:37+00:00\",\"description\":\"\u00bfTe gustar\u00eda saber c\u00f3mo se provoca el acn\u00e9?\",\"breadcrumb\":{\"@id\":\"https:\/\/www.leti.com\/dermipedia\/dudas\/que-provoca-acne\/#breadcrumb\"},\"inLanguage\":\"es\",\"potentialAction\":[{\"@type\":\"ReadAction\",\"target\":[\"https:\/\/www.leti.com\/dermipedia\/dudas\/que-provoca-acne\/\"]}]},{\"@type\":\"ImageObject\",\"inLanguage\":\"es\",\"@id\":\"https:\/\/www.leti.com\/dermipedia\/dudas\/que-provoca-acne\/#primaryimage\",\"url\":\"https:\/\/www.leti.com\/dermipedia\/wp-content\/uploads\/2021\/04\/cheyenne-doig-dPs0DEGrM9A-unsplash-scaled.jpg\",\"contentUrl\":\"https:\/\/www.leti.com\/dermipedia\/wp-content\/uploads\/2021\/04\/cheyenne-doig-dPs0DEGrM9A-unsplash-scaled.jpg\",\"width\":1024,\"height\":1280,\"caption\":\"acn\u00e9\"},{\"@type\":\"BreadcrumbList\",\"@id\":\"https:\/\/www.leti.com\/dermipedia\/dudas\/que-provoca-acne\/#breadcrumb\",\"itemListElement\":[{\"@type\":\"ListItem\",\"position\":1,\"name\":\"Portada\",\"item\":\"https:\/\/www.leti.com\/dermipedia\/inicio\/\"},{\"@type\":\"ListItem\",\"position\":2,\"name\":\"Dudas\",\"item\":\"https:\/\/www.leti.com\/dermipedia\/dudas\/\"},{\"@type\":\"ListItem\",\"position\":3,\"name\":\"\u00bfQu\u00e9 es lo que provoca el acn\u00e9?\"}]},{\"@type\":\"WebSite\",\"@id\":\"https:\/\/www.leti.com\/dermipedia\/#website\",\"url\":\"https:\/\/www.leti.com\/dermipedia\/\",\"name\":\"Dermipedia\",\"description\":\"Todos los secretos de la piel\",\"potentialAction\":[{\"@type\":\"SearchAction\",\"target\":{\"@type\":\"EntryPoint\",\"urlTemplate\":\"https:\/\/www.leti.com\/dermipedia\/?s={search_term_string}\"},\"query-input\":{\"@type\":\"PropertyValueSpecification\",\"valueRequired\":true,\"valueName\":\"search_term_string\"}}],\"inLanguage\":\"es\"}]}<\/script>\n<!-- \/ Yoast SEO plugin. -->","yoast_head_json":{"title":"\u00bfQu\u00e9 es lo que provoca el acn\u00e9? - Dermipedia","description":"\u00bfTe gustar\u00eda saber c\u00f3mo se provoca el acn\u00e9?","robots":{"index":"index","follow":"follow","max-snippet":"max-snippet:-1","max-image-preview":"max-image-preview:large","max-video-preview":"max-video-preview:-1"},"canonical":"https:\/\/www.leti.com\/dermipedia\/dudas\/que-provoca-acne\/","og_locale":"es_ES","og_type":"article","og_title":"\u00bfQu\u00e9 es lo que provoca el acn\u00e9? - Dermipedia","og_description":"\u00bfTe gustar\u00eda saber c\u00f3mo se provoca el acn\u00e9?","og_url":"https:\/\/www.leti.com\/dermipedia\/dudas\/que-provoca-acne\/","og_site_name":"Dermipedia","og_image":[{"width":1024,"height":1280,"url":"https:\/\/www.leti.com\/dermipedia\/wp-content\/uploads\/2021\/04\/cheyenne-doig-dPs0DEGrM9A-unsplash-scaled.jpg","type":"image\/jpeg"}],"twitter_card":"summary_large_image","schema":{"@context":"https:\/\/schema.org","@graph":[{"@type":"WebPage","@id":"https:\/\/www.leti.com\/dermipedia\/dudas\/que-provoca-acne\/","url":"https:\/\/www.leti.com\/dermipedia\/dudas\/que-provoca-acne\/","name":"\u00bfQu\u00e9 es lo que provoca el acn\u00e9? - Dermipedia","isPartOf":{"@id":"https:\/\/www.leti.com\/dermipedia\/#website"},"primaryImageOfPage":{"@id":"https:\/\/www.leti.com\/dermipedia\/dudas\/que-provoca-acne\/#primaryimage"},"image":{"@id":"https:\/\/www.leti.com\/dermipedia\/dudas\/que-provoca-acne\/#primaryimage"},"thumbnailUrl":"https:\/\/www.leti.com\/dermipedia\/wp-content\/uploads\/2021\/04\/cheyenne-doig-dPs0DEGrM9A-unsplash-scaled.jpg","datePublished":"2021-04-28T14:33:37+00:00","description":"\u00bfTe gustar\u00eda saber c\u00f3mo se provoca el acn\u00e9?","breadcrumb":{"@id":"https:\/\/www.leti.com\/dermipedia\/dudas\/que-provoca-acne\/#breadcrumb"},"inLanguage":"es","potentialAction":[{"@type":"ReadAction","target":["https:\/\/www.leti.com\/dermipedia\/dudas\/que-provoca-acne\/"]}]},{"@type":"ImageObject","inLanguage":"es","@id":"https:\/\/www.leti.com\/dermipedia\/dudas\/que-provoca-acne\/#primaryimage","url":"https:\/\/www.leti.com\/dermipedia\/wp-content\/uploads\/2021\/04\/cheyenne-doig-dPs0DEGrM9A-unsplash-scaled.jpg","contentUrl":"https:\/\/www.leti.com\/dermipedia\/wp-content\/uploads\/2021\/04\/cheyenne-doig-dPs0DEGrM9A-unsplash-scaled.jpg","width":1024,"height":1280,"caption":"acn\u00e9"},{"@type":"BreadcrumbList","@id":"https:\/\/www.leti.com\/dermipedia\/dudas\/que-provoca-acne\/#breadcrumb","itemListElement":[{"@type":"ListItem","position":1,"name":"Portada","item":"https:\/\/www.leti.com\/dermipedia\/inicio\/"},{"@type":"ListItem","position":2,"name":"Dudas","item":"https:\/\/www.leti.com\/dermipedia\/dudas\/"},{"@type":"ListItem","position":3,"name":"\u00bfQu\u00e9 es lo que provoca el acn\u00e9?"}]},{"@type":"WebSite","@id":"https:\/\/www.leti.com\/dermipedia\/#website","url":"https:\/\/www.leti.com\/dermipedia\/","name":"Dermipedia","description":"Todos los secretos de la piel","potentialAction":[{"@type":"SearchAction","target":{"@type":"EntryPoint","urlTemplate":"https:\/\/www.leti.com\/dermipedia\/?s={search_term_string}"},"query-input":{"@type":"PropertyValueSpecification","valueRequired":true,"valueName":"search_term_string"}}],"inLanguage":"es"}]}},"_links":{"self":[{"href":"https:\/\/www.leti.com\/dermipedia\/wp-json\/wp\/v2\/dudas\/1991","targetHints":{"allow":["GET"]}}],"collection":[{"href":"https:\/\/www.leti.com\/dermipedia\/wp-json\/wp\/v2\/dudas"}],"about":[{"href":"https:\/\/www.leti.com\/dermipedia\/wp-json\/wp\/v2\/types\/dudas"}],"wp:featuredmedia":[{"embeddable":true,"href":"https:\/\/www.leti.com\/dermipedia\/wp-json\/wp\/v2\/media\/1992"}],"wp:attachment":[{"href":"https:\/\/www.leti.com\/dermipedia\/wp-json\/wp\/v2\/media?parent=1991"}],"curies":[{"name":"wp","href":"https:\/\/api.w.org\/{rel}","templated":true}]}}